{"id":6183,"date":"2024-04-23T12:27:23","date_gmt":"2024-04-23T12:27:23","guid":{"rendered":"https:\/\/bls.cpraedcourse.com\/blog\/course\/curso-pals\/insuficiencia-y-dificultad-respiratoria\/"},"modified":"2025-10-24T12:02:52","modified_gmt":"2025-10-24T12:02:52","slug":"insuficiencia-y-dificultad-respiratoria","status":"publish","type":"our-course","link":"https:\/\/bls.cpraedcourse.com\/es\/course\/pals\/3\/","title":{"rendered":"Insuficiencia y dificultad respiratoria"},"content":{"rendered":"<h2>Cap\u00edtulo 3: Insuficiencia y dificultad respiratorias<\/h2>\n<p>La dificultad respiratoria puede provocar una insuficiencia respiratoria en los ni\u00f1os que puede poner en peligro su vida y conducir r\u00e1pidamente a la muerte. Uno de los componentes clave de los PALS es el reconocimiento y el tratamiento inmediatos de la insuficiencia y la dificultad respiratorias en lactantes y ni\u00f1os. La dificultad respiratoria se produce cuando aumentan la frecuencia y el esfuerzo respiratorios y se observan cambios en los sonidos de las v\u00edas respiratorias, el color de la piel y el estado mental. La dificultad respiratoria puede conducir r\u00e1pidamente a una insuficiencia respiratoria, en la que la oxigenaci\u00f3n, la ventilaci\u00f3n o ambas son inadecuadas, y puede provocar r\u00e1pidamente una parada cardiaca.<\/p>\n<table cellspacing=\"0\" cellpadding=\"0\">\n<tbody>\n<tr>\n<td><img loading=\"lazy\" loading=\"lazy\" decoding=\"async\" title=\"Primeros auxilios respiratorios\" src=\"https:\/\/bls.cpraedcourse.com\/wp-content\/uploads\/2022\/02\/chapter3-1-1-1.png\" alt=\"Primeros auxilios respiratorios\" width=\"328\" height=\"432\" \/><\/p>\n<p>Pulm\u00f3n de un ni\u00f1o con insuficiencia respiratoria y necesita respirador para ventilaci\u00f3n asistida<\/td>\n<td><img loading=\"lazy\" loading=\"lazy\" decoding=\"async\" title=\"Primeros auxilios respiratorios\" src=\"https:\/\/bls.cpraedcourse.com\/wp-content\/uploads\/2022\/01\/chapter3-2-1.png\" alt=\"Primeros auxilios respiratorios\" width=\"333\" height=\"435\" \/><\/p>\n<p>Pulm\u00f3n de un ni\u00f1o con s\u00edndrome de dificultad respiratoria y neumot\u00f3rax izquierdo<\/td>\n<\/tr>\n<\/tbody>\n<\/table>\n<h3>V\u00eddeo sobre dificultad e insuficiencia respiratorias:<\/h3>\n<p><iframe loading=\"lazy\" title=\"vimeo-player\" src=\"https:\/\/player.vimeo.com\/video\/834353623?h=4ce9917a98\" width=\"640\" height=\"360\" frameborder=\"0\" referrerpolicy=\"strict-origin-when-cross-origin\" allow=\"autoplay; fullscreen; picture-in-picture; clipboard-write; encrypted-media; web-share\"   allowfullscreen><\/iframe><\/p>\n<p>La hipoxemia o la oxigenaci\u00f3n inadecuada y la hipercarbia o la ventilaci\u00f3n inadecuada pueden provocar dificultad e insuficiencia respiratorias. Es importante tener en cuenta que el consumo de ox\u00edgeno en los lactantes es de 6 a 8 mL\/kg por minuto, mientras que en un adulto es de 4 mL\/kg por minuto. Una pulsioximetr\u00eda ayuda a indicar si hay disminuci\u00f3n de la saturaci\u00f3n de oxihemoglobina en la sangre. Una SpO2 &lt;94% = hipoxemia. La hipoxia tisular tambi\u00e9n podr\u00eda ser una causa de hipoxemia. Es importante reconocer los signos de hipoxia para ayudar a distinguir entre hipoxia tisular e hipoxemia. Los siguientes son signos de hipoxia tisular:<\/p>\n<ul>\n<li>Taquipnea<\/li>\n<li>Palidez<\/li>\n<li>Taquicardia precoz<\/li>\n<li>Bradipnea tard\u00eda<\/li>\n<li>Bradicardia tard\u00eda<\/li>\n<li>Estado mental alterado<\/li>\n<li>Cianosis tard\u00eda<\/li>\n<li>Agitaci\u00f3n<\/li>\n<li>Ansiedad<\/li>\n<li>Aleteo nasal<\/li>\n<li>Fatiga<\/li>\n<\/ul>\n<h3>PALS por la American HealthCare Academy V\u00eddeo:<\/h3>\n<p><iframe loading=\"lazy\" title=\"vimeo-player\" src=\"https:\/\/player.vimeo.com\/video\/954450824?h=9eb52e7b47\" width=\"640\" height=\"360\" frameborder=\"0\" referrerpolicy=\"strict-origin-when-cross-origin\" allow=\"autoplay; fullscreen; picture-in-picture; clipboard-write; encrypted-media; web-share\"   allowfullscreen><\/iframe><\/p>\n<p>El aumento de la PaCO2 en sangre indicaba una ventilaci\u00f3n alveolar inadecuada o hipercarbia. La hipercarbia es m\u00e1s grave, pero es m\u00e1s dif\u00edcil de detectar. Los siguientes son signos de hipercarbia:<\/p>\n<ul>\n<li>Taquipnea<\/li>\n<li>Estado mental alterado<\/li>\n<li>Agitaci\u00f3n<\/li>\n<li>Ansiedad<\/li>\n<li>Aleteo nasal<\/li>\n<\/ul>\n<h4><strong><u>Identificaci\u00f3n y tratamiento de la insuficiencia y la dificultad respiratorias<\/u><\/strong><\/h4>\n<h5>Entre las afecciones que provocan dificultad e insuficiencia respiratorias se incluyen:<\/h5>\n<ul>\n<li>Obstrucci\u00f3n de las v\u00edas respiratorias superiores<\/li>\n<li>Obstrucci\u00f3n de las v\u00edas respiratorias inferiores<\/li>\n<li>Enfermedad del tejido pulmonar<\/li>\n<li>Trastorno del control de la respiraci\u00f3n<\/li>\n<\/ul>\n<table border=\"1\" cellspacing=\"0\" cellpadding=\"0\">\n<tbody>\n<tr>\n<td colspan=\"2\">Obstrucci\u00f3n de las v\u00edas respiratorias altas<\/td>\n<\/tr>\n<tr>\n<td>Anatom\u00eda<\/td>\n<td>Obstrucci\u00f3n en la nariz, faringe o laringe<br \/>\n<img loading=\"lazy\" loading=\"lazy\" decoding=\"async\" title=\"Certificaci\u00f3n PALS\" src=\"https:\/\/bls.cpraedcourse.com\/wp-content\/uploads\/2022\/02\/chapter3-3.png\" alt=\"Curso PALS\" width=\"232\" height=\"300\" \/><\/td>\n<\/tr>\n<tr>\n<td>Causas<\/td>\n<td>\n<ul>\n<li>Aspiraci\u00f3n de cuerpo extra\u00f1o<\/li>\n<li>Inflamaci\u00f3n del tejido de las v\u00edas respiratorias superiores<\/li>\n<li>Tumor o absceso<\/li>\n<li>Crup<\/li>\n<li>Epiglotitis<\/li>\n<li>Anafilaxia<\/li>\n<li>Am\u00edgdalas hipertr\u00f3ficas<\/li>\n<\/ul>\n<\/td>\n<\/tr>\n<tr>\n<td>Signos y s\u00edntomas<\/td>\n<td>\n<ul>\n<li>Taquipnea<\/li>\n<li>Aumento de la respiraci\u00f3n y del esfuerzo<\/li>\n<li>Elevaci\u00f3n inadecuada del t\u00f3rax y entrada de aire en la auscultaci\u00f3n<\/li>\n<li>Estridor<\/li>\n<li>Cambio de voz, llanto o tos<\/li>\n<li>Cianosis<\/li>\n<li>Babeando<\/li>\n<li>Aumento de la frecuencia respiratoria<\/li>\n<\/ul>\n<\/td>\n<\/tr>\n<tr>\n<td>Gesti\u00f3n<\/td>\n<td>El tratamiento de toda obstrucci\u00f3n de las v\u00edas respiratorias superiores incluye<\/p>\n<ul>\n<li>Retira el objeto que obstruye las v\u00edas respiratorias<\/li>\n<li>Succi\u00f3n boca o nariz<\/li>\n<li>Reduce la inflamaci\u00f3n de las v\u00edas respiratorias<\/li>\n<li>Considerar v\u00eda a\u00e9rea avanzada o cirug\u00eda<\/li>\n<\/ul>\n<\/td>\n<\/tr>\n<\/tbody>\n<\/table>\n<p>Entre las causas espec\u00edficas de obstrucci\u00f3n de las v\u00edas respiratorias superiores est\u00e1n el crup y la anafilaxia.<\/p>\n<h6><strong><u>Crup<\/u><\/strong><\/h6>\n<p>El crup es una afecci\u00f3n de las v\u00edas respiratorias superiores debida a una infecci\u00f3n v\u00edrica aguda. Los s\u00edntomas incluyen tos perruna, estridor y ronquera. El tratamiento del crup puede variar seg\u00fan la gravedad de la enfermedad. El tratamiento del crup incluye lo siguiente<\/p>\n<ul>\n<li>Dosis oral \u00fanica de dexametasona<\/li>\n<li>Niebla fr\u00eda<\/li>\n<li>Administraci\u00f3n de epinefrina rac\u00e9mica nebulizada o L-epinefrina<\/li>\n<li>Realizar la intubaci\u00f3n endotraqueal<\/li>\n<li>Uso de heliox (mezcla de helio y ox\u00edgeno)<\/li>\n<\/ul>\n<h2><strong><u>Anafilaxia<br \/>\n<a href=\"https:\/\/bls.cpraedcourse.com\/wp-content\/uploads\/2022\/01\/Pals-3.webp\"><img loading=\"lazy\" loading=\"lazy\" decoding=\"async\" title=\"Anafilaxia\" src=\"https:\/\/bls.cpraedcourse.com\/wp-content\/uploads\/2022\/01\/Pals-3.webp\" alt=\"Anafilaxia\" width=\"617\" height=\"392\" \/><\/a><br \/>\n<\/u><\/strong><\/h2>\n<p>La anafilaxia es una reacci\u00f3n al\u00e9rgica de hipersensibilidad de tipo I que puede provocar una broncoconstricci\u00f3n intensa en la que el paciente puede dejar de respirar. La siguiente tabla muestra las acciones necesarias para el tratamiento de la anafilaxia.<\/p>\n<table border=\"1\" cellspacing=\"0\" cellpadding=\"0\">\n<tbody>\n<tr>\n<td>Tratamiento<\/td>\n<\/tr>\n<tr>\n<td><strong>Administrar epinefrina IM a trav\u00e9s del autoinyector &#8211; depende de la gravedad del problema<\/strong><\/td>\n<\/tr>\n<tr>\n<td><strong>Piensa en utilizar la intubaci\u00f3n endotraqueal si hay broncoespasmo\/crisis &#8211; administra albuterol mediante inhalador o por nebulizador<\/strong><\/p>\n<p><strong>En caso de broncoespasmo grave, administra el nebulizador de forma continua<\/strong><\/td>\n<\/tr>\n<tr>\n<td><strong>Prep\u00e1rate para la intubaci\u00f3n endotraqueal<\/strong><\/td>\n<\/tr>\n<tr>\n<td><strong>Si el ni\u00f1o tiene hipotensi\u00f3n:<\/strong><\/p>\n<ul>\n<li><strong>Coloca al ni\u00f1o en dec\u00fabito supino<\/strong><\/li>\n<li><strong>Administrar peque\u00f1os bolos de epinefrina o una cantidad titulada en infusi\u00f3n<\/strong><\/li>\n<li><strong>Administrar cristaloide isot\u00f3nico<\/strong><\/li>\n<\/ul>\n<\/td>\n<\/tr>\n<tr>\n<td><strong>Administrar metilprednisolona o corticosteroides y difenhidramina<\/strong><\/td>\n<\/tr>\n<\/tbody>\n<\/table>\n<table border=\"1\" cellspacing=\"0\" cellpadding=\"0\">\n<tbody>\n<tr>\n<td colspan=\"2\">Obstrucci\u00f3n de las v\u00edas respiratorias inferiores<\/td>\n<\/tr>\n<tr>\n<td>Anatom\u00eda<\/td>\n<td>Obstrucci\u00f3n en la parte inferior de la tr\u00e1quea, bronquios o bronquiolos<\/p>\n<p><img loading=\"lazy\" loading=\"lazy\" decoding=\"async\" src=\"https:\/\/bls.cpraedcourse.com\/wp-content\/uploads\/2022\/02\/chapter3-3.png\" alt=\"cap\u00edtulo3-3\" width=\"232\" height=\"300\" \/><\/td>\n<\/tr>\n<tr>\n<td>Causas<\/td>\n<td>\n<ul>\n<li>Asma<\/li>\n<li>Bronquiolitis<\/li>\n<\/ul>\n<\/td>\n<\/tr>\n<tr>\n<td>Signos y s\u00edntomas<\/td>\n<td>\n<ul>\n<li>Taquipnea<\/li>\n<li>Tos<\/li>\n<li>Sibilancias<\/li>\n<li>Aumento del esfuerzo espiratorio con una fase espiratoria m\u00e1s larga<\/li>\n<li>Aumento del esfuerzo respiratorio<\/li>\n<\/ul>\n<\/td>\n<\/tr>\n<tr>\n<td>Gesti\u00f3n<\/td>\n<td>El tratamiento de toda obstrucci\u00f3n de las v\u00edas respiratorias inferiores incluye<\/p>\n<ul>\n<li>Frecuencia lenta con ventilaci\u00f3n con bolsa-mascarilla<\/li>\n<\/ul>\n<\/td>\n<\/tr>\n<\/tbody>\n<\/table>\n<p>Entre las causas espec\u00edficas de obstrucci\u00f3n de las v\u00edas respiratorias inferiores est\u00e1n el asma y la bronquiolitis.<\/p>\n<h3><strong><u>Bronquiolitis<\/u><\/strong><\/h3>\n<p><img loading=\"lazy\" loading=\"lazy\" decoding=\"async\" src=\"https:\/\/bls.cpraedcourse.com\/wp-content\/uploads\/2022\/01\/chapter3-6-1.png\" alt=\"cap\u00edtulo3-6-1\" width=\"414\" height=\"357\" \/><\/p>\n<p>La bronquiolitis es una inflamaci\u00f3n de los bronquiolos con tos, dificultad para respirar y sibilancias. El tratamiento de la bronquiolitis incluye lo siguiente:<\/p>\n<ul>\n<li>Aspiraci\u00f3n nasal u oral<\/li>\n<li>Pruebas auxiliares: radiograf\u00eda de t\u00f3rax, gasometr\u00eda arterial y estudios v\u00edricos<\/li>\n<\/ul>\n<h4><strong><u>Asma<\/u><\/strong><\/h4>\n<p><img loading=\"lazy\" loading=\"lazy\" decoding=\"async\" src=\"https:\/\/bls.cpraedcourse.com\/wp-content\/uploads\/2022\/01\/chapter3-7.png\" alt=\"Cap\u00edtulo 3-7\" width=\"726\" height=\"553\" \/><\/p>\n<p>El asma es una enfermedad inflamatoria cr\u00f3nica de las v\u00edas respiratorias con s\u00edntomas de tos, dificultad para respirar, sibilancias y opresi\u00f3n en el pecho. El cuadro siguiente ilustra el tratamiento del asma.<\/p>\n<p><img loading=\"lazy\" loading=\"lazy\" decoding=\"async\" title=\"Ilustrar el tratamiento del asma\" src=\"https:\/\/bls.cpraedcourse.com\/wp-content\/uploads\/2022\/05\/chapter3-8.jpg\" alt=\"Ilustrar el tratamiento del asma\" width=\"960\" height=\"675\" \/><\/p>\n<table border=\"1\" cellspacing=\"0\" cellpadding=\"0\">\n<tbody>\n<tr>\n<td colspan=\"2\">Enfermedad del Tejido Pulmonar<\/td>\n<\/tr>\n<tr>\n<td>Anatom\u00eda<\/td>\n<td>Afecciones cl\u00ednicas pulmonares<\/td>\n<\/tr>\n<tr>\n<td>Causas<\/td>\n<td>\n<ul>\n<li>Neumon\u00eda<\/li>\n<li>Edema pulmonar<\/li>\n<li>SDRA<\/li>\n<li>Trauma<\/li>\n<li>Reacci\u00f3n al\u00e9rgica<\/li>\n<li>Toxinas<\/li>\n<li>Vasculitis<\/li>\n<\/ul>\n<\/td>\n<\/tr>\n<tr>\n<td>Signos y s\u00edntomas<\/td>\n<td>\n<ul>\n<li>Taquipnea<\/li>\n<li>Taquicardia<\/li>\n<li>Crepitaciones<\/li>\n<li>Aumento del esfuerzo respiratorio<\/li>\n<li>Gru\u00f1idos<\/li>\n<li>Hipoxemia<\/li>\n<li>Disminuci\u00f3n de los ruidos respiratorios<\/li>\n<\/ul>\n<\/td>\n<\/tr>\n<tr>\n<td>Gesti\u00f3n<\/td>\n<td>El tratamiento de todas las enfermedades pulmonares tisulares incluye<\/p>\n<ul>\n<li>Utiliza presi\u00f3n espiratoria positiva para la hipoxemia<\/li>\n<li>Administrar c\u00e1nula nasal humidificada de alto flujo<\/li>\n<li>Monitoriza la perfusi\u00f3n tisular y el gasto card\u00edaco<\/li>\n<\/ul>\n<\/td>\n<\/tr>\n<\/tbody>\n<\/table>\n<p>Entre las causas espec\u00edficas de enfermedad del tejido pulmonar est\u00e1n la neumon\u00eda, la neumonitis qu\u00edmica, la neumonitis por aspiraci\u00f3n, el edema pulmonar cardiog\u00e9nico y el edema pulmonar no cardiog\u00e9nico (SDRA).<\/p>\n<h5><strong><u>Neumon\u00eda<\/u><\/strong><\/h5>\n<p>La neumon\u00eda es la inflamaci\u00f3n de los alv\u00e9olos pulmonares debida a una infecci\u00f3n por bacterias, virus, hongos y par\u00e1sitos. La neumon\u00eda se presenta con fiebre, dolor tor\u00e1cico, tos, dificultad para respirar. El tratamiento de la neumon\u00eda incluye<\/p>\n<ul>\n<li>Terapia antimicrobiana<\/li>\n<li>Albuterol por MDI o nebulizador<\/li>\n<li>Utiliza CPAP o BiPAP<\/li>\n<li>Normalizar la temperatura tratando la fiebre<\/li>\n<li>Realizar pruebas auxiliares<\/li>\n<\/ul>\n<h6><strong><u>Neumonitis qu\u00edmica<\/u><\/strong><\/h6>\n<p>La neumonitis qu\u00edmica es una inflamaci\u00f3n de los pulmones provocada por la inhalaci\u00f3n de sustancias t\u00f3xicas. Las sustancias t\u00f3xicas incluyen polvo, humos, gases irritantes, hidrocarburos. El tratamiento de la neumonitis qu\u00edmica se realiza mediante:<\/p>\n<ul>\n<li>Uso de CPAP o BiPAP<\/li>\n<li>Administrar broncodilatador nebulizado<\/li>\n<li>Consulta de un centro de gravedad<\/li>\n<\/ul>\n<h2><strong><u>Neumonitis por aspiraci\u00f3n<\/u><\/strong><\/h2>\n<p>La neumonitis por aspiraci\u00f3n es una inflamaci\u00f3n de los pulmones causada por el contenido del est\u00f3mago, como el \u00e1cido g\u00e1strico y las enzimas. Para el tratamiento de la neumonitis por aspiraci\u00f3n, considera las siguientes opciones:<\/p>\n<ul>\n<li>Uso de CPAP o BiPAP<\/li>\n<li>Administrar antibi\u00f3ticos para la fiebre y los infiltrados<\/li>\n<\/ul>\n<h3><strong><u>Edema Pulmonar Cardiog\u00e9nico<\/u><\/strong><\/h3>\n<p>El edema pulmonar cardiog\u00e9nico se produce cuando hay una acumulaci\u00f3n de l\u00edquido en el intersticio pulmonar y los alv\u00e9olos debido a una presi\u00f3n capilar pulmonar elevada. La causa m\u00e1s frecuente de edema pulmonar cardiog\u00e9nico es la insuficiencia cardiaca congestiva y la disfunci\u00f3n mioc\u00e1rdica aguda. El tratamiento del edema pulmonar cardiog\u00e9nico incluye:<\/p>\n<ul>\n<li>Asistencia ventilatoria<\/li>\n<li>Terapia m\u00e9dica reduciendo la presi\u00f3n auricular izquierda, la poscarga ventricular izquierda y administrar terapia inotr\u00f3pica o inodilatadora.<\/li>\n<li>Disminuye la temperatura y la respiraci\u00f3n reduciendo la demanda metab\u00f3lica<\/li>\n<\/ul>\n<h4><strong><u>Edema pulmonar no cardiog\u00e9nico (SDRA)<\/u><\/strong><\/h4>\n<p>El s\u00edndrome de dificultad respiratoria aguda es una inflamaci\u00f3n del par\u00e9nquima pulmonar que provoca dificultad para respirar, hipoxemia e insuficiencia org\u00e1nica m\u00faltiple. El SDRA, tal como lo define la Asociaci\u00f3n Americana del Coraz\u00f3n, es de inicio agudo, PaO2\/FiO2 &lt;300, infiltrados bilaterales en la radiograf\u00eda de t\u00f3rax y sin evidencia de una causa cardiog\u00e9nica del edema pulmonar. El tratamiento del SDRA incluye<\/p>\n<ul>\n<li>Monitoriza la pulsioximetr\u00eda del paciente, el CO2 al final de la corriente, los marcadores card\u00edacos<\/li>\n<li>Hazte an\u00e1lisis como ABG, gasometr\u00eda venosa y CBC<\/li>\n<li>Dar ventilaci\u00f3n continua<\/li>\n<\/ul>\n<table border=\"1\" cellspacing=\"0\" cellpadding=\"0\">\n<tbody>\n<tr>\n<td colspan=\"2\">Trastorno del control de la respiraci\u00f3n<\/td>\n<\/tr>\n<tr>\n<td>Anatom\u00eda<\/td>\n<td>Problemas asociados al aparato respiratorio<\/td>\n<\/tr>\n<tr>\n<td>Causas<\/td>\n<td>\n<ul>\n<li>Convulsiones<\/li>\n<li>Infecciones del SNC<\/li>\n<li>Lesi\u00f3n en la cabeza<\/li>\n<li>Tumor cerebral<\/li>\n<li>Hidrocefalia<\/li>\n<li>Enfermedad neuromuscular<\/li>\n<\/ul>\n<\/td>\n<\/tr>\n<tr>\n<td>Signos y s\u00edntomas<\/td>\n<td>\n<ul>\n<li>Frecuencia respiratoria irregular<\/li>\n<li>Esfuerzo respiratorio variable<\/li>\n<li>Respiraci\u00f3n superficial &#8211; provoca hipoxemia e hipercarbia<\/li>\n<li>Apnea central<\/li>\n<\/ul>\n<\/td>\n<\/tr>\n<tr>\n<td>Gesti\u00f3n<\/td>\n<td>El tratamiento de los trastornos del control de la respiraci\u00f3n incluye<\/p>\n<ul>\n<li>Realiza la evaluaci\u00f3n ABC<\/li>\n<\/ul>\n<\/td>\n<\/tr>\n<\/tbody>\n<\/table>\n<p>Entre las causas espec\u00edficas del trastorno del control de la respiraci\u00f3n est\u00e1n el aumento de la presi\u00f3n intracraneal (PIC), la intoxicaci\u00f3n o sobredosis de f\u00e1rmacos y las enfermedades neuromusculares.<\/p>\n<h5><strong><u>Aumento de la presi\u00f3n intracraneal<\/u><\/strong><\/h5>\n<p>El aumento de la presi\u00f3n intracraneal puede deberse a:<\/p>\n<ul>\n<li>Meningitis<\/li>\n<li>Encefalitis<\/li>\n<li>Absceso intracraneal<\/li>\n<li>Hemorragia subaracnoidea<\/li>\n<li>Hematoma subdural o epidural<\/li>\n<li>Lesi\u00f3n cerebral traum\u00e1tica<\/li>\n<li>Hidrocefalia<\/li>\n<li>Tumor del sistema nervioso central<\/li>\n<\/ul>\n<p>El tratamiento adecuado de la dificultad o insuficiencia respiratoria debida al aumento de la PIC incluye:<\/p>\n<ul>\n<li>Maniobra de empuje mandibular<\/li>\n<li>V\u00eda a\u00e9rea abierta<\/li>\n<li>Administrar 20 mL\/kg IV de cristaloide isot\u00f3nico<\/li>\n<li>Administrar suero salino hipert\u00f3nico, agente osm\u00f3tico<\/li>\n<li>Evita la hipotermia y la hipotensi\u00f3n<\/li>\n<li>Trata la agitaci\u00f3n<\/li>\n<\/ul>\n<h6><strong><u>Envenenamiento y sobredosis de drogas<\/u><\/strong><\/h6>\n<p>Las intoxicaciones y sobredosis de f\u00e1rmacos son una de las causas m\u00e1s comunes y frecuentes de dificultad respiratoria en lactantes y ni\u00f1os. Deben tomarse las siguientes medidas para tratar este tipo de dificultad respiratoria.<\/p>\n<ul>\n<li>Ponte en contacto con el Centro de Toxicolog\u00eda<\/li>\n<li>Administrar el ant\u00eddoto contra el veneno<\/li>\n<li>Succi\u00f3n de la v\u00eda a\u00e9rea si el paciente vomita<\/li>\n<li>Realiza la prueba auxiliar<\/li>\n<\/ul>\n<h2><strong><u>Enfermedades neuromusculares<\/u><\/strong><\/h2>\n<p>Enfermedad neuromuscular es un t\u00e9rmino amplio que se da a varias enfermedades que alteran el control muscular y causan espasticidad o par\u00e1lisis. Los ni\u00f1os con enfermedades neuromusculares que afectan a la respiraci\u00f3n presentan los siguientes s\u00edntomas:<\/p>\n<ul>\n<li>Tos<\/li>\n<li>Atelectasia<\/li>\n<li>Enfermedad pulmonar restrictiva<\/li>\n<li>Neumon\u00eda<\/li>\n<li>Insuficiencia respiratoria cr\u00f3nica<\/li>\n<li>Insuficiencia respiratoria<\/li>\n<\/ul>\n<p>Para el tratamiento de la enfermedad neuromuscular en ni\u00f1os, completa la evaluaci\u00f3n ABC, que incluye el apoyo a las v\u00edas respiratorias, la respiraci\u00f3n y la circulaci\u00f3n.<\/p>\n","protected":false},"excerpt":{"rendered":"<p>Cap\u00edtulo 3: Insuficiencia y dificultad respiratorias La dificultad respiratoria puede provocar una insuficiencia respiratoria en [&hellip;]<\/p>\n","protected":false},"featured_media":0,"parent":6177,"template":"single-our-course.php","course-category":[364],"class_list":["post-6183","our-course","type-our-course","status-publish","hentry","course-category-pals-course"],"acf":[],"aioseo_notices":[],"_links":{"self":[{"href":"https:\/\/bls.cpraedcourse.com\/es\/wp-json\/wp\/v2\/our-course\/6183","targetHints":{"allow":["GET"]}}],"collection":[{"href":"https:\/\/bls.cpraedcourse.com\/es\/wp-json\/wp\/v2\/our-course"}],"about":[{"href":"https:\/\/bls.cpraedcourse.com\/es\/wp-json\/wp\/v2\/types\/our-course"}],"up":[{"embeddable":true,"href":"https:\/\/bls.cpraedcourse.com\/es\/wp-json\/wp\/v2\/our-course\/6177"}],"wp:attachment":[{"href":"https:\/\/bls.cpraedcourse.com\/es\/wp-json\/wp\/v2\/media?parent=6183"}],"wp:term":[{"taxonomy":"course-category","embeddable":true,"href":"https:\/\/bls.cpraedcourse.com\/es\/wp-json\/wp\/v2\/course-category?post=6183"}],"curies":[{"name":"wp","href":"https:\/\/api.w.org\/{rel}","templated":true}]}}